{"id":1865,"date":"2013-01-04T18:14:09","date_gmt":"2013-01-04T17:14:09","guid":{"rendered":"http:\/\/www.larectoriadepalou.net\/carta-i-menu-2\/"},"modified":"2021-02-26T16:36:33","modified_gmt":"2021-02-26T15:36:33","slug":"carta-i-menu","status":"publish","type":"page","link":"https:\/\/larectoriadepalou.com\/es\/carta-i-menu\/?lang=es","title":{"rendered":"Carta y men\u00fa"},"content":{"rendered":"<h1>\u00a0 \u00a0 \u00a0 \u00a0 \u00a0 \u00a0 \u00a0 \u00a0 \u00a0 \u00a0 \u00a0 \u00a0 \u00a0 \u00a0 \u00a0 \u00a0<a href=\"https:\/\/larectoriadepalou.com\/wp-content\/uploads\/a1a8302e-6cfd-4223-85db-a0157c3f46f7.jpg\"><img decoding=\"async\" loading=\"lazy\" class=\"alignnone size-medium wp-image-1852\" src=\"https:\/\/larectoriadepalou.com\/wp-content\/uploads\/a1a8302e-6cfd-4223-85db-a0157c3f46f7-300x300.jpg\" alt=\"a1a8302e-6cfd-4223-85db-a0157c3f46f7\" width=\"300\" height=\"300\" srcset=\"https:\/\/larectoriadepalou.com\/wp-content\/uploads\/a1a8302e-6cfd-4223-85db-a0157c3f46f7-300x300.jpg 300w, https:\/\/larectoriadepalou.com\/wp-content\/uploads\/a1a8302e-6cfd-4223-85db-a0157c3f46f7-150x150.jpg 150w, https:\/\/larectoriadepalou.com\/wp-content\/uploads\/a1a8302e-6cfd-4223-85db-a0157c3f46f7-77x77.jpg 77w, https:\/\/larectoriadepalou.com\/wp-content\/uploads\/a1a8302e-6cfd-4223-85db-a0157c3f46f7-100x100.jpg 100w\" sizes=\"(max-width: 300px) 100vw, 300px\" \/><\/a><\/h1>\n<p>&nbsp;<\/p>\n<h2 style=\"text-align: center;\">\u00a0Propuesta gastron\u00f3mica de la Rector\u00eda de Palou<\/h2>\n<p>&nbsp;<\/p>\n<p>Disponemos a diario (de lunes a viernes al mediod\u00eda) de un men\u00fa que tiene como referencia, la cocina de mercado, indicativa de las estaciones y la disponibilidad. Este tipo de cocina aumenta el car\u00e1cter de autenticidad de los productos, as\u00ed como la mejora econ\u00f3mica final. Como dec\u00edamos, trabajamos tan referencias habituales de nuestra cocina, como recetas de fuera aunque tambi\u00e9n conocidas y pedidas.<\/p>\n<p>La carta, reducida durante la semana laborable y mas extensa el fin de semana, noche y fiestas, representa la necesidad de nuestra cocina, al satisfacer las sugerencias y demandas de los clientes d\u00e1ndole la creatividad y nuestro atractivo personal, desde del aperitivo en el postre.<\/p>\n<p>Personalizamos las propuestas por grupos, familias y eventos.<\/p>\n<p>&nbsp;<\/p>\n<h1><span style=\"color: #ff0000;\"><strong>\u00a0 \u00a0 RECUERDE AL HACER LAS RESERVAS ONLINE, INDICAR EL TURNO EN LO QUE LES GUSTAR\u00cdA COMER: <span style=\"color: #0000ff;\">13:30h.<\/span> \u00f3 <span style=\"color: #0000ff;\">14:30h.\u00a0<\/span> \u00a0 \u00a0 \u00a0 \u00a0 \u00a0 \u00a0 \u00a0 \u00a0 \u00a0 \u00a0 \u00a0 \u00a0 \u00a0 \u00a0 \u00a0 \u00a0 \u00a0 \u00a0 \u00a0 \u00a0 \u00a0\u00a0<\/strong><\/span><\/h1>\n<h1 style=\"text-align: center;\">Como ya hemos anunciado en las redes sociales, hemos abierto las <span style=\"color: #ff0000;\">salas<\/span> y la <span style=\"color: #ff0000;\">terraza<\/span> con las condiciones sanitarias y de aforo adecuadas.<\/h1>\n<h1 style=\"text-align: center;\"><span style=\"color: #333399; text-decoration: underline;\">Os esperamos.<\/span><\/h1>\n<h1>\u00a0<a href=\"https:\/\/larectoriadepalou.com\/wp-content\/uploads\/Restaurant-la-Rectoria-de-Palou-Foto-Manel-Cuesta\u00a9-01.jpg\"><img decoding=\"async\" loading=\"lazy\" class=\"alignnone size-medium wp-image-415\" src=\"https:\/\/larectoriadepalou.com\/wp-content\/uploads\/Restaurant-la-Rectoria-de-Palou-Foto-Manel-Cuesta\u00a9-01-300x300.jpg\" alt=\"Restaurant la Rectoria de Palou (Foto Manel Cuesta\u00a9) - 01\" width=\"300\" height=\"300\" srcset=\"https:\/\/larectoriadepalou.com\/wp-content\/uploads\/Restaurant-la-Rectoria-de-Palou-Foto-Manel-Cuesta\u00a9-01-300x300.jpg 300w, https:\/\/larectoriadepalou.com\/wp-content\/uploads\/Restaurant-la-Rectoria-de-Palou-Foto-Manel-Cuesta\u00a9-01-150x150.jpg 150w, https:\/\/larectoriadepalou.com\/wp-content\/uploads\/Restaurant-la-Rectoria-de-Palou-Foto-Manel-Cuesta\u00a9-01-77x77.jpg 77w, https:\/\/larectoriadepalou.com\/wp-content\/uploads\/Restaurant-la-Rectoria-de-Palou-Foto-Manel-Cuesta\u00a9-01-100x100.jpg 100w\" sizes=\"(max-width: 300px) 100vw, 300px\" \/><\/a><a href=\"https:\/\/larectoriadepalou.com\/wp-content\/uploads\/FOTO-3.jpg\"><img decoding=\"async\" loading=\"lazy\" class=\"alignnone size-medium wp-image-1842\" src=\"https:\/\/larectoriadepalou.com\/wp-content\/uploads\/FOTO-3-300x300.jpg\" alt=\"FOTO 3\" width=\"300\" height=\"300\" srcset=\"https:\/\/larectoriadepalou.com\/wp-content\/uploads\/FOTO-3-300x300.jpg 300w, https:\/\/larectoriadepalou.com\/wp-content\/uploads\/FOTO-3-150x150.jpg 150w, https:\/\/larectoriadepalou.com\/wp-content\/uploads\/FOTO-3-77x77.jpg 77w, https:\/\/larectoriadepalou.com\/wp-content\/uploads\/FOTO-3-100x100.jpg 100w\" sizes=\"(max-width: 300px) 100vw, 300px\" \/><\/a><a href=\"https:\/\/larectoriadepalou.com\/wp-content\/uploads\/f16c11fc-72ee-4800-aca9-2f51f2717480.jpg\"><img decoding=\"async\" loading=\"lazy\" class=\"alignnone size-medium wp-image-1851\" src=\"https:\/\/larectoriadepalou.com\/wp-content\/uploads\/f16c11fc-72ee-4800-aca9-2f51f2717480-300x300.jpg\" alt=\"f16c11fc-72ee-4800-aca9-2f51f2717480\" width=\"300\" height=\"300\" srcset=\"https:\/\/larectoriadepalou.com\/wp-content\/uploads\/f16c11fc-72ee-4800-aca9-2f51f2717480-300x300.jpg 300w, https:\/\/larectoriadepalou.com\/wp-content\/uploads\/f16c11fc-72ee-4800-aca9-2f51f2717480-150x150.jpg 150w, https:\/\/larectoriadepalou.com\/wp-content\/uploads\/f16c11fc-72ee-4800-aca9-2f51f2717480-77x77.jpg 77w, https:\/\/larectoriadepalou.com\/wp-content\/uploads\/f16c11fc-72ee-4800-aca9-2f51f2717480-100x100.jpg 100w\" sizes=\"(max-width: 300px) 100vw, 300px\" \/><\/a><a href=\"https:\/\/larectoriadepalou.com\/wp-content\/uploads\/a1a8302e-6cfd-4223-85db-a0157c3f46f7.jpg\"><img decoding=\"async\" loading=\"lazy\" class=\"alignnone size-medium wp-image-1852\" src=\"https:\/\/larectoriadepalou.com\/wp-content\/uploads\/a1a8302e-6cfd-4223-85db-a0157c3f46f7-300x300.jpg\" alt=\"a1a8302e-6cfd-4223-85db-a0157c3f46f7\" width=\"300\" height=\"300\" srcset=\"https:\/\/larectoriadepalou.com\/wp-content\/uploads\/a1a8302e-6cfd-4223-85db-a0157c3f46f7-300x300.jpg 300w, https:\/\/larectoriadepalou.com\/wp-content\/uploads\/a1a8302e-6cfd-4223-85db-a0157c3f46f7-150x150.jpg 150w, https:\/\/larectoriadepalou.com\/wp-content\/uploads\/a1a8302e-6cfd-4223-85db-a0157c3f46f7-77x77.jpg 77w, https:\/\/larectoriadepalou.com\/wp-content\/uploads\/a1a8302e-6cfd-4223-85db-a0157c3f46f7-100x100.jpg 100w\" sizes=\"(max-width: 300px) 100vw, 300px\" \/><\/a><\/h1>\n<h1><span style=\"color: #ff0000;\"><strong><span style=\"color: #ff0000;\"><strong><span style=\"color: #ff0000;\"><strong>\u00a0\u00a0\u00a0\u00a0\u00a0\u00a0\u00a0\u00a0\u00a0\u00a0\u00a0\u00a0\u00a0\u00a0\u00a0\u00a0\u00a0\u00a0\u00a0\u00a0\u00a0\u00a0\u00a0\u00a0\u00a0\u00a0\u00a0\u00a0\u00a0\u00a0\u00a0\u00a0\u00a0\u00a0\u00a0\u00a0\u00a0\u00a0\u00a0\u00a0\u00a0\u00a0\u00a0 <\/strong><\/span><\/strong><\/span><\/strong><\/span><\/h1>\n<h1 style=\"text-align: center;\"><span style=\"color: #ff0000;\"><strong><span style=\"color: #ff0000;\"><strong><span style=\"color: #ff0000;\"><strong>\u00a0\u00a0CARTA <\/strong><\/span><\/strong><\/span><\/strong><\/span><\/h1>\n<h2><em>Debido a las restricciones, provocadas por el COVID, hemos decidido hacer men\u00fa (sin carta) de lunes a viernes al mediod\u00eda y el fin de semana, una carta de mercado m\u00e1s rutilante y cambiante de semana en semana aprovechando las temporadas y los productos para realizar la misma. Debido a su variabilidad pedimos consultar una vez est\u00e9 en la mesa. Salud para todo el mundo.<\/em><\/h2>\n<h2 style=\"text-align: center;\"><em><span style=\"color: #0000ff;\"><strong>CADA SEMANA OFRECEMOS PLATOS DEL D\u00cdA LIGADOS A LA ESTACIONALIDAD Y QUE HAY QUE CONSULTAR<\/strong><\/span><\/em><\/h2>\n<h4 style=\"text-align: center;\"><\/h4>\n<p style=\"text-align: center;\">","protected":false},"excerpt":{"rendered":"<p>\u00a0 \u00a0 \u00a0 \u00a0 \u00a0 \u00a0 \u00a0 \u00a0 \u00a0 \u00a0 \u00a0 \u00a0 \u00a0 \u00a0 \u00a0 \u00a0 &nbsp; \u00a0Proposta gastron\u00f2mica de la Rectoria de Palou &nbsp; Disposem a diari (de dilluns a divendres al migdia) d&#8217;un men\u00fa que te com a refer\u00e8ncia, la cuina de mercat, \u00a0indicativa de les estacions i la disponibilitat. Aquest tipus de &hellip;<\/p>\n<p class=\"read-more\"> <a class=\"\" href=\"https:\/\/larectoriadepalou.com\/es\/carta-i-menu\/?lang=es\"> <span class=\"screen-reader-text\">Carta y men\u00fa<\/span> Leer m\u00e1s &raquo;<\/a><\/p>","protected":false},"author":1,"featured_media":1852,"parent":0,"menu_order":0,"comment_status":"closed","ping_status":"closed","template":"","meta":{"_mi_skip_tracking":false,"_monsterinsights_sitenote_active":false,"_monsterinsights_sitenote_note":"","_monsterinsights_sitenote_category":0,"site-sidebar-layout":"default","site-content-layout":"default","ast-global-header-display":"","ast-banner-title-visibility":"","ast-main-header-display":"","ast-hfb-above-header-display":"","ast-hfb-below-header-display":"","ast-hfb-mobile-header-display":"","site-post-title":"disabled","ast-breadcrumbs-content":"","ast-featured-img":"","footer-sml-layout":"","theme-transparent-header-meta":"","adv-header-id-meta":"","stick-header-meta":"","header-above-stick-meta":"","header-main-stick-meta":"","header-below-stick-meta":""},"yoast_head":"<!-- This site is optimized with the Yoast SEO plugin v21.1 - https:\/\/yoast.com\/wordpress\/plugins\/seo\/ -->\n<title>Carta i men\u00fa -<\/title>\n<meta name=\"robots\" content=\"index, follow, max-snippet:-1, max-image-preview:large, max-video-preview:-1\" \/>\n<link rel=\"canonical\" href=\"http:\/\/localhost\/carta-i-menu\/?lang=es\" \/>\n<meta property=\"og:locale\" content=\"es_ES\" \/>\n<meta property=\"og:type\" content=\"article\" \/>\n<meta property=\"og:title\" content=\"Carta i men\u00fa -\" \/>\n<meta property=\"og:description\" content=\"\u00a0 \u00a0 \u00a0 \u00a0 \u00a0 \u00a0 \u00a0 \u00a0 \u00a0 \u00a0 \u00a0 \u00a0 \u00a0 \u00a0 \u00a0 \u00a0 &nbsp; \u00a0Proposta gastron\u00f2mica de la Rectoria de Palou &nbsp; Disposem a diari (de dilluns a divendres al migdia) d&#8217;un men\u00fa que te com a refer\u00e8ncia, la cuina de mercat, \u00a0indicativa de les estacions i la disponibilitat. Aquest tipus de &hellip; Carta i men\u00fa Leer m\u00e1s &raquo;\" \/>\n<meta property=\"og:url\" content=\"http:\/\/localhost\/carta-i-menu\/?lang=es\" \/>\n<meta property=\"article:modified_time\" content=\"2021-02-26T15:36:33+00:00\" \/>\n<meta property=\"og:image\" content=\"http:\/\/www.larectoriadepalou.net\/wp-content\/uploads\/a1a8302e-6cfd-4223-85db-a0157c3f46f7.jpg\" \/>\n\t<meta property=\"og:image:width\" content=\"463\" \/>\n\t<meta property=\"og:image:height\" content=\"617\" \/>\n\t<meta property=\"og:image:type\" content=\"image\/jpeg\" \/>\n<meta name=\"twitter:label1\" content=\"Tiempo de lectura\" \/>\n\t<meta name=\"twitter:data1\" content=\"1 minuto\" \/>\n<script type=\"application\/ld+json\" class=\"yoast-schema-graph\">{\"@context\":\"https:\/\/schema.org\",\"@graph\":[{\"@type\":\"WebPage\",\"@id\":\"http:\/\/localhost\/carta-i-menu\/?lang=es\",\"url\":\"http:\/\/localhost\/carta-i-menu\/?lang=es\",\"name\":\"Carta i men\u00fa -\",\"isPartOf\":{\"@id\":\"https:\/\/larectoriadepalou.com\/#website\"},\"datePublished\":\"2013-01-04T17:14:09+00:00\",\"dateModified\":\"2021-02-26T15:36:33+00:00\",\"breadcrumb\":{\"@id\":\"http:\/\/localhost\/carta-i-menu\/?lang=es#breadcrumb\"},\"inLanguage\":\"es\",\"potentialAction\":[{\"@type\":\"ReadAction\",\"target\":[\"http:\/\/localhost\/carta-i-menu\/?lang=es\"]}]},{\"@type\":\"BreadcrumbList\",\"@id\":\"http:\/\/localhost\/carta-i-menu\/?lang=es#breadcrumb\",\"itemListElement\":[{\"@type\":\"ListItem\",\"position\":1,\"name\":\"Home\",\"item\":\"https:\/\/larectoriadepalou.com\/\"},{\"@type\":\"ListItem\",\"position\":2,\"name\":\"Carta i men\u00fa\"}]},{\"@type\":\"WebSite\",\"@id\":\"https:\/\/larectoriadepalou.com\/#website\",\"url\":\"https:\/\/larectoriadepalou.com\/\",\"name\":\"\",\"description\":\"Restaurant la Rectoria de Palou, Granollers, cuina de mercat amb productes de proximitat\",\"potentialAction\":[{\"@type\":\"SearchAction\",\"target\":{\"@type\":\"EntryPoint\",\"urlTemplate\":\"https:\/\/larectoriadepalou.com\/?s={search_term_string}\"},\"query-input\":\"required name=search_term_string\"}],\"inLanguage\":\"es\"}]}<\/script>\n<!-- \/ Yoast SEO plugin. -->","yoast_head_json":{"title":"Carta i men\u00fa -","robots":{"index":"index","follow":"follow","max-snippet":"max-snippet:-1","max-image-preview":"max-image-preview:large","max-video-preview":"max-video-preview:-1"},"canonical":"http:\/\/localhost\/carta-i-menu\/?lang=es","og_locale":"es_ES","og_type":"article","og_title":"Carta i men\u00fa -","og_description":"\u00a0 \u00a0 \u00a0 \u00a0 \u00a0 \u00a0 \u00a0 \u00a0 \u00a0 \u00a0 \u00a0 \u00a0 \u00a0 \u00a0 \u00a0 \u00a0 &nbsp; \u00a0Proposta gastron\u00f2mica de la Rectoria de Palou &nbsp; Disposem a diari (de dilluns a divendres al migdia) d&#8217;un men\u00fa que te com a refer\u00e8ncia, la cuina de mercat, \u00a0indicativa de les estacions i la disponibilitat. Aquest tipus de &hellip; Carta i men\u00fa Leer m\u00e1s &raquo;","og_url":"http:\/\/localhost\/carta-i-menu\/?lang=es","article_modified_time":"2021-02-26T15:36:33+00:00","og_image":[{"width":463,"height":617,"url":"http:\/\/www.larectoriadepalou.net\/wp-content\/uploads\/a1a8302e-6cfd-4223-85db-a0157c3f46f7.jpg","type":"image\/jpeg"}],"twitter_misc":{"Tiempo de lectura":"1 minuto"},"schema":{"@context":"https:\/\/schema.org","@graph":[{"@type":"WebPage","@id":"http:\/\/localhost\/carta-i-menu\/?lang=es","url":"http:\/\/localhost\/carta-i-menu\/?lang=es","name":"Carta i men\u00fa -","isPartOf":{"@id":"https:\/\/larectoriadepalou.com\/#website"},"datePublished":"2013-01-04T17:14:09+00:00","dateModified":"2021-02-26T15:36:33+00:00","breadcrumb":{"@id":"http:\/\/localhost\/carta-i-menu\/?lang=es#breadcrumb"},"inLanguage":"es","potentialAction":[{"@type":"ReadAction","target":["http:\/\/localhost\/carta-i-menu\/?lang=es"]}]},{"@type":"BreadcrumbList","@id":"http:\/\/localhost\/carta-i-menu\/?lang=es#breadcrumb","itemListElement":[{"@type":"ListItem","position":1,"name":"Home","item":"https:\/\/larectoriadepalou.com\/"},{"@type":"ListItem","position":2,"name":"Carta i men\u00fa"}]},{"@type":"WebSite","@id":"https:\/\/larectoriadepalou.com\/#website","url":"https:\/\/larectoriadepalou.com\/","name":"","description":"Restaurant la Rectoria de Palou, Granollers, cuina de mercat amb productes de proximitat","potentialAction":[{"@type":"SearchAction","target":{"@type":"EntryPoint","urlTemplate":"https:\/\/larectoriadepalou.com\/?s={search_term_string}"},"query-input":"required name=search_term_string"}],"inLanguage":"es"}]}},"_links":{"self":[{"href":"https:\/\/larectoriadepalou.com\/es\/wp-json\/wp\/v2\/pages\/1865"}],"collection":[{"href":"https:\/\/larectoriadepalou.com\/es\/wp-json\/wp\/v2\/pages"}],"about":[{"href":"https:\/\/larectoriadepalou.com\/es\/wp-json\/wp\/v2\/types\/page"}],"author":[{"embeddable":true,"href":"https:\/\/larectoriadepalou.com\/es\/wp-json\/wp\/v2\/users\/1"}],"replies":[{"embeddable":true,"href":"https:\/\/larectoriadepalou.com\/es\/wp-json\/wp\/v2\/comments?post=1865"}],"version-history":[{"count":2,"href":"https:\/\/larectoriadepalou.com\/es\/wp-json\/wp\/v2\/pages\/1865\/revisions"}],"predecessor-version":[{"id":1872,"href":"https:\/\/larectoriadepalou.com\/es\/wp-json\/wp\/v2\/pages\/1865\/revisions\/1872"}],"wp:featuredmedia":[{"embeddable":true,"href":"https:\/\/larectoriadepalou.com\/es\/wp-json\/wp\/v2\/media\/1852"}],"wp:attachment":[{"href":"https:\/\/larectoriadepalou.com\/es\/wp-json\/wp\/v2\/media?parent=1865"}],"curies":[{"name":"wp","href":"https:\/\/api.w.org\/{rel}","templated":true}]}}